{"id":608,"date":"2023-03-09T10:26:06","date_gmt":"2023-03-09T10:26:06","guid":{"rendered":"https:\/\/finestres.es\/?page_id=608"},"modified":"2023-03-28T13:58:38","modified_gmt":"2023-03-28T13:58:38","slug":"premiline","status":"publish","type":"page","link":"https:\/\/finestres.es\/es\/ventanas-de-pvc\/ventanas-correderas-pvc\/premiline\/","title":{"rendered":"PremiLine"},"content":{"rendered":"<div class=\"wpb-content-wrapper\"><p>[vc_row full_width=\u00bbstretch_row_content\u00bb css=\u00bb.vc_custom_1678267671022{background-color: #fefaf0 !important;}\u00bb][vc_column offset=\u00bbvc_hidden-sm vc_hidden-xs\u00bb][vc_empty_space height=\u00bb105px\u00bb][\/vc_column][\/vc_row][vc_row full_width=\u00bbstretch_row_content\u00bb css=\u00bb.vc_custom_1678267706279{background-color: #fefaf0 !important;}\u00bb][vc_column offset=\u00bbvc_hidden-lg vc_hidden-md\u00bb][vc_empty_space height=\u00bb45px\u00bb][\/vc_column][\/vc_row][vc_row][vc_column][vc_empty_space][\/vc_column][\/vc_row][vc_row gap=\u00bb35&#8243;][vc_column width=\u00bb1\/2&#8243;][vc_column_text]<\/p>\n<h1>Ventanas <span style=\"color: #f4bd21;\"><strong>PremiLine<\/strong><\/span><\/h1>\n<p>[\/vc_column_text][vc_column_text css=\u00bb.vc_custom_1678351788675{margin-right: 10px !important;margin-left: 10px !important;}\u00bb]<\/p>\n<p style=\"text-align: justify;\">Esta ventana cuenta con tres c\u00e1maras de aislamiento y 84\u202fmm de grosor y con un acabado perfecto de las esquinas. Se ha dise\u00f1ado pensando en el confort, con ra\u00edces de acero inoxidable, un sistema sencillo de manipular y muy duradero. Ofrece la posibilidad de poner vidrios de hasta 28\u202fmm y es dif\u00edcilmente inflamable y auto extinguible. Este modelo de ventana ofrece una gran gama de perfiles auxiliares para facilitar y agilizar una instalaci\u00f3n profesional.<\/p>\n<p>[\/vc_column_text][vc_btn title=\u00bbVER CAT\u00c1LOGO\u00bb style=\u00bbcustom\u00bb custom_background=\u00bb#f4bd21&#8243; custom_text=\u00bb#ffffff\u00bb link=\u00bburl:%2Fwp-content%2Fuploads%2F2023%2F03%2FPremline_hermeticline.pdf\u00bb][\/vc_column][vc_column width=\u00bb1\/2&#8243;][vc_single_image image=\u00bb318&#8243; img_size=\u00bbfull\u00bb][\/vc_column][\/vc_row][vc_row][vc_column][vc_empty_space][\/vc_column][\/vc_row][vc_row gap=\u00bb35&#8243;][vc_column width=\u00bb1\/3&#8243;][vc_icon icon_fontawesome=\u00bbfar fa-check-circle\u00bb color=\u00bbcustom\u00bb size=\u00bblg\u00bb align=\u00bbcenter\u00bb custom_color=\u00bb#f4bd21&#8243;][vc_column_text css=\u00bb.vc_custom_1678351679653{border-bottom-width: 2px !important;padding-bottom: 5px !important;border-bottom-color: #ededed !important;}\u00bb]<\/p>\n<h3 style=\"text-align: center;\">M\u00e1xima elegancia y precisi\u00f3n<\/h3>\n<p>[\/vc_column_text][vc_column_text]<\/p>\n<p style=\"text-align: center;\">Ventanas con \u00f3ptimas caracter\u00edsticas t\u00e9cnicas, permiti\u00e9ndote un confort superior.<\/p>\n<p>[\/vc_column_text][\/vc_column][vc_column width=\u00bb1\/3&#8243;][vc_icon icon_fontawesome=\u00bbfar fa-check-circle\u00bb color=\u00bbcustom\u00bb size=\u00bblg\u00bb align=\u00bbcenter\u00bb custom_color=\u00bb#f4bd21&#8243;][vc_column_text css=\u00bb.vc_custom_1678350505572{border-bottom-width: 2px !important;padding-bottom: 5px !important;border-bottom-color: #ededed !important;}\u00bb]<\/p>\n<h3 style=\"text-align: center;\">Ventanas con un gran abanico de colores<\/h3>\n<p>[\/vc_column_text][vc_column_text]<\/p>\n<p style=\"text-align: center;\">Disponemos de muchos colores para poder conseguir el estilo que quieras para tus ventanas.<\/p>\n<p>[\/vc_column_text][\/vc_column][vc_column width=\u00bb1\/3&#8243;][vc_icon icon_fontawesome=\u00bbfar fa-check-circle\u00bb color=\u00bbcustom\u00bb size=\u00bblg\u00bb align=\u00bbcenter\u00bb custom_color=\u00bb#f4bd21&#8243;][vc_column_text css=\u00bb.vc_custom_1678350534219{border-bottom-width: 2px !important;padding-bottom: 5px !important;border-bottom-color: #ededed !important;}\u00bb]<\/p>\n<h3 style=\"text-align: center;\">Reduce el gasto energ\u00e9tico<\/h3>\n<p>[\/vc_column_text][vc_column_text]<\/p>\n<p style=\"text-align: center;\">Ahorra hasta un 70% en tu hogar, mejorando el confort de este.<\/p>\n<p>[\/vc_column_text][\/vc_column][\/vc_row][vc_row][vc_column][vc_empty_space][\/vc_column][\/vc_row][vc_row gap=\u00bb35&#8243;][vc_column width=\u00bb1\/3&#8243;][vc_column_text css=\u00bb.vc_custom_1678350568619{border-bottom-width: 2px !important;padding-bottom: 5px !important;border-bottom-color: #ededed !important;}\u00bb]<\/p>\n<h3 style=\"text-align: center;\">Funcionalidades<\/h3>\n<p>[\/vc_column_text][vc_column_text]<\/p>\n<div class=\"traductor-textarea form-group\">\n<div class=\"textarea-desti col-xs-12 col-sm-6\">\n<div class=\"form-control second-textarea\">\n<p>\u2013 Perfil de\u00a070mm\u00a0de profundidad.<\/p>\n<p>\u2013 5 c\u00e1maras de aire estanco.<\/p>\n<p>\u2013 Permite alojar vidrios de gran grosor.<\/p>\n<p>\u2013 Dispone de cierre herm\u00e9tico de doble junta.<\/p>\n<p>Tipo de apertura:<\/p>\n<p>\u2013 Ventana oscilobatiente.<\/p>\n<p>\u2013 Ventana abatible con eje horizontal.<\/p>\n<p>\u2013 Ventana abatible con eje vertical.<\/p>\n<p>\u2013 Ventana pivotante.<\/p>\n<\/div>\n<\/div>\n<\/div>\n<div class=\"traductor-checkbox form-group\">\n<div class=\"row\">\n<div class=\"col-sm-offset-2 col-sm-5\"><\/div>\n<\/div>\n<\/div>\n<p>[\/vc_column_text][\/vc_column][vc_column width=\u00bb1\/3&#8243; css=\u00bb.vc_custom_1678102911987{margin-right: -25px !important;}\u00bb][vc_column_text css=\u00bb.vc_custom_1678350588931{border-bottom-width: 2px !important;padding-bottom: 5px !important;border-bottom-color: #ededed !important;}\u00bb]<\/p>\n<h3 style=\"text-align: center;\">Programa est\u00e1ndar<\/h3>\n<p>[\/vc_column_text][vc_media_grid grid_id=\u00bbvc_gid:1680011902922-1e89b51c-608d-2&#8243; include=\u00bb374,376,378,380,382,384&#8243;][\/vc_column][vc_column width=\u00bb1\/3&#8243;][vc_column_text css=\u00bb.vc_custom_1678266205109{border-bottom-width: 2px !important;padding-bottom: 5px !important;border-bottom-color: #ededed !important;border-bottom-style: solid !important;}\u00bb]<\/p>\n<h3 style=\"text-align: center;\">Programa especial<\/h3>\n<p>[\/vc_column_text][vc_media_grid element_width=\u00bb3&#8243; grid_id=\u00bbvc_gid:1680011902931-07936470-2c0f-6&#8243; include=\u00bb386,388,390,392,394,396,398,400,402,404,406,408,410,412,414,416&#8243;][\/vc_column][\/vc_row][vc_row][vc_column][vc_empty_space][\/vc_column][\/vc_row][vc_row css=\u00bb.vc_custom_1680011915758{border-top-width: 2px !important;border-right-width: 2px !important;border-bottom-width: 2px !important;border-left-width: 2px !important;border-left-color: #ebebeb !important;border-right-color: #ebebeb !important;border-top-color: #ebebeb !important;border-bottom-color: #ebebeb !important;border-radius: 35px !important;}\u00bb el_class=\u00bbformulario\u00bb][vc_column][vc_column_text]<\/p>\n<h3 style=\"text-align: center;\">Cont\u00e1ctanos para obtener m\u00e1s informaci\u00f3n<\/h3>\n<p>[\/vc_column_text]\n<div class=\"wpcf7 no-js\" id=\"wpcf7-f143-o1\" lang=\"es-ES\" dir=\"ltr\" data-wpcf7-id=\"143\">\n<div class=\"screen-reader-response\"><p role=\"status\" aria-live=\"polite\" aria-atomic=\"true\"><\/p> <ul><\/ul><\/div>\n<form action=\"\/es\/wp-json\/wp\/v2\/pages\/608#wpcf7-f143-o1\" method=\"post\" class=\"wpcf7-form init\" aria-label=\"Formulario de contacto\" novalidate=\"novalidate\" data-status=\"init\">\n<fieldset class=\"hidden-fields-container\"><input type=\"hidden\" name=\"_wpcf7\" value=\"143\" \/><input type=\"hidden\" name=\"_wpcf7_version\" value=\"6.1.4\" \/><input type=\"hidden\" name=\"_wpcf7_locale\" value=\"es_ES\" \/><input type=\"hidden\" name=\"_wpcf7_unit_tag\" value=\"wpcf7-f143-o1\" \/><input type=\"hidden\" name=\"_wpcf7_container_post\" value=\"0\" \/><input type=\"hidden\" name=\"_wpcf7_posted_data_hash\" value=\"\" \/><input type=\"hidden\" name=\"_wpcf7_recaptcha_response\" value=\"\" \/>\n<\/fieldset>\n<p><label> Nombre<br \/>\n<span class=\"wpcf7-form-control-wrap\" data-name=\"your-name\"><input size=\"40\" maxlength=\"400\" class=\"wpcf7-form-control wpcf7-text wpcf7-validates-as-required\" autocomplete=\"name\" aria-required=\"true\" aria-invalid=\"false\" value=\"\" type=\"text\" name=\"your-name\" \/><\/span> <\/label>\n<\/p>\n<p><label> Email<br \/>\n<span class=\"wpcf7-form-control-wrap\" data-name=\"your-email\"><input size=\"40\" maxlength=\"400\" class=\"wpcf7-form-control wpcf7-email wpcf7-validates-as-required wpcf7-text wpcf7-validates-as-email\" autocomplete=\"email\" aria-required=\"true\" aria-invalid=\"false\" value=\"\" type=\"email\" name=\"your-email\" \/><\/span> <\/label>\n<\/p>\n<p><label> Tel\u00e9fono<br \/>\n<span class=\"wpcf7-form-control-wrap\" data-name=\"tel-293\"><input size=\"40\" maxlength=\"400\" class=\"wpcf7-form-control wpcf7-tel wpcf7-validates-as-required wpcf7-text wpcf7-validates-as-tel\" aria-required=\"true\" aria-invalid=\"false\" value=\"\" type=\"tel\" name=\"tel-293\" \/><\/span> <\/label>\n<\/p>\n<p><label> Mensaje (opcional)<br \/>\n<span class=\"wpcf7-form-control-wrap\" data-name=\"your-message\"><textarea cols=\"40\" rows=\"10\" maxlength=\"2000\" class=\"wpcf7-form-control wpcf7-textarea\" aria-invalid=\"false\" name=\"your-message\"><\/textarea><\/span> <\/label>\n<\/p>\n<span class=\"wpcf7-form-control-wrap recaptcha\" data-name=\"recaptcha\"><span data-sitekey=\"6LfX0jslAAAAAFddsNQPza6hRlQHsdnpsyQ48NN2\" class=\"wpcf7-form-control wpcf7-recaptcha g-recaptcha\"><\/span>\r\n<noscript>\r\n\t<div class=\"grecaptcha-noscript\">\r\n\t\t<iframe loading=\"lazy\" src=\"https:\/\/www.google.com\/recaptcha\/api\/fallback?k=6LfX0jslAAAAAFddsNQPza6hRlQHsdnpsyQ48NN2\" frameborder=\"0\" scrolling=\"no\" width=\"310\" height=\"430\">\r\n\t\t<\/iframe>\r\n\t\t<textarea name=\"g-recaptcha-response\" rows=\"3\" cols=\"40\" placeholder=\"Aqu\u00ed la respuesta de reCAPTCHA\">\r\n\t\t<\/textarea>\r\n\t<\/div>\r\n<\/noscript>\r\n<\/span>\n<p><span class=\"wpcf7-form-control-wrap\" data-name=\"Enviodedatos\"><span class=\"wpcf7-form-control wpcf7-acceptance\"><span class=\"wpcf7-list-item\"><label><input type=\"checkbox\" name=\"Enviodedatos\" value=\"1\" aria-invalid=\"false\" \/><span class=\"wpcf7-list-item-label\">\u00bfAceptas el env\u00edo de datos?<\/span><\/label><\/span><\/span><\/span>\n<\/p>\n<p><span class=\"wpcf7-form-control-wrap\" data-name=\"Enviodedatos\"><span class=\"wpcf7-form-control wpcf7-acceptance\"><span class=\"wpcf7-list-item\"><label><input type=\"checkbox\" name=\"Enviodedatos\" value=\"1\" aria-invalid=\"false\" \/><span class=\"wpcf7-list-item-label\">\u00bfAceptas la <a href=\"\/es\/aviso-legal-politica-de-privacidad\/\"><strong>pol\u00edtica de privacidad<\/strong><\/a>?<\/span><\/label><\/span><\/span><\/span>\n<\/p>\n<p><input class=\"wpcf7-form-control wpcf7-submit has-spinner\" type=\"submit\" value=\"Enviar\" \/>\n<\/p><div class=\"wpcf7-response-output\" aria-hidden=\"true\"><\/div>\n<\/form>\n<\/div>\n[\/vc_column][\/vc_row][vc_row][vc_column][vc_empty_space][\/vc_column][\/vc_row]<\/p>\n<\/div>","protected":false},"excerpt":{"rendered":"<p>[vc_row full_width=\u00bbstretch_row_content\u00bb css=\u00bb.vc_custom_1678267671022{background-color: #fefaf0 !important;}\u00bb][vc_column offset=\u00bbvc_hidden-sm vc_hidden-xs\u00bb][vc_empty_space height=\u00bb105px\u00bb][\/vc_column][\/vc_row][vc_row full_width=\u00bbstretch_row_content\u00bb css=\u00bb.vc_custom_1678267706279{background-color: #fefaf0 !important;}\u00bb][vc_column offset=\u00bbvc_hidden-lg vc_hidden-md\u00bb][vc_empty_space height=\u00bb45px\u00bb][\/vc_column][\/vc_row][vc_row][vc_column][vc_empty_space][\/vc_column][\/vc_row][vc_row gap=\u00bb35&#8243;][vc_column width=\u00bb1\/2&#8243;][vc_column_text] Ventanas PremiLine [\/vc_column_text][vc_column_text css=\u00bb.vc_custom_1678351788675{margin-right: 10px !important;margin-left: 10px !important;}\u00bb] Esta ventana cuenta con tres c\u00e1maras de aislamiento y 84\u202fmm de grosor y con un acabado perfecto de las esquinas. Se ha dise\u00f1ado pensando en el confort, con ra\u00edces de&hellip;&nbsp;<a href=\"https:\/\/finestres.es\/es\/ventanas-de-pvc\/ventanas-correderas-pvc\/premiline\/\" rel=\"bookmark\">Llegir m\u00e9s \u00bb<span class=\"screen-reader-text\">PremiLine<\/span><\/a><\/p>\n","protected":false},"author":1,"featured_media":0,"parent":480,"menu_order":0,"comment_status":"closed","ping_status":"closed","template":"","meta":{"neve_meta_sidebar":"","neve_meta_container":"","neve_meta_enable_content_width":"off","neve_meta_content_width":100,"neve_meta_title_alignment":"","neve_meta_author_avatar":"","neve_post_elements_order":"","neve_meta_disable_header":"","neve_meta_disable_footer":"","neve_meta_disable_title":"on","neve_meta_reading_time":"","footnotes":""},"class_list":["post-608","page","type-page","status-publish","hentry"],"yoast_head":"<!-- This site is optimized with the Yoast SEO plugin v26.7 - https:\/\/yoast.com\/wordpress\/plugins\/seo\/ -->\n<title>Finestres balconeres alumini - Finestres<\/title>\n<meta name=\"description\" content=\"Fabricaci\u00f3n y venta de ventanas correderas PremiLine. solicita presupuesto por la fabricaci\u00f3n de las ventanas a medida.\" \/>\n<meta name=\"robots\" content=\"index, follow, max-snippet:-1, max-image-preview:large, max-video-preview:-1\" \/>\n<link rel=\"canonical\" href=\"https:\/\/finestres.es\/es\/ventanas-de-pvc\/ventanas-correderas-pvc\/premiline\/\" \/>\n<meta property=\"og:locale\" content=\"es_ES\" \/>\n<meta property=\"og:type\" content=\"article\" \/>\n<meta property=\"og:title\" content=\"Finestres balconeres alumini - Finestres\" \/>\n<meta property=\"og:description\" content=\"Fabricaci\u00f3n y venta de ventanas correderas PremiLine. solicita presupuesto por la fabricaci\u00f3n de las ventanas a medida.\" \/>\n<meta property=\"og:url\" content=\"https:\/\/finestres.es\/es\/ventanas-de-pvc\/ventanas-correderas-pvc\/premiline\/\" \/>\n<meta property=\"og:site_name\" content=\"Finestres\" \/>\n<meta property=\"article:modified_time\" content=\"2023-03-28T13:58:38+00:00\" \/>\n<meta name=\"twitter:card\" content=\"summary_large_image\" \/>\n<meta name=\"twitter:label1\" content=\"Tiempo de lectura\" \/>\n\t<meta name=\"twitter:data1\" content=\"2 minutos\" \/>\n<script type=\"application\/ld+json\" class=\"yoast-schema-graph\">{\"@context\":\"https:\/\/schema.org\",\"@graph\":[{\"@type\":\"WebPage\",\"@id\":\"https:\/\/finestres.es\/es\/ventanas-de-pvc\/ventanas-correderas-pvc\/premiline\/\",\"url\":\"https:\/\/finestres.es\/es\/ventanas-de-pvc\/ventanas-correderas-pvc\/premiline\/\",\"name\":\"Finestres balconeres alumini - Finestres\",\"isPartOf\":{\"@id\":\"https:\/\/finestres.es\/#website\"},\"datePublished\":\"2023-03-09T10:26:06+00:00\",\"dateModified\":\"2023-03-28T13:58:38+00:00\",\"description\":\"Fabricaci\u00f3n y venta de ventanas correderas PremiLine. solicita presupuesto por la fabricaci\u00f3n de las ventanas a medida.\",\"breadcrumb\":{\"@id\":\"https:\/\/finestres.es\/es\/ventanas-de-pvc\/ventanas-correderas-pvc\/premiline\/#breadcrumb\"},\"inLanguage\":\"es\",\"potentialAction\":[{\"@type\":\"ReadAction\",\"target\":[\"https:\/\/finestres.es\/es\/ventanas-de-pvc\/ventanas-correderas-pvc\/premiline\/\"]}]},{\"@type\":\"BreadcrumbList\",\"@id\":\"https:\/\/finestres.es\/es\/ventanas-de-pvc\/ventanas-correderas-pvc\/premiline\/#breadcrumb\",\"itemListElement\":[{\"@type\":\"ListItem\",\"position\":1,\"name\":\"Portada\",\"item\":\"https:\/\/finestres.es\/es\/\"},{\"@type\":\"ListItem\",\"position\":2,\"name\":\"VENTANAS DE PVC\",\"item\":\"https:\/\/finestres.es\/es\/ventanas-de-pvc\/\"},{\"@type\":\"ListItem\",\"position\":3,\"name\":\"VENTANAS CORREDERAS PVC\",\"item\":\"https:\/\/finestres.es\/es\/ventanas-de-pvc\/ventanas-correderas-pvc\/\"},{\"@type\":\"ListItem\",\"position\":4,\"name\":\"PremiLine\"}]},{\"@type\":\"WebSite\",\"@id\":\"https:\/\/finestres.es\/#website\",\"url\":\"https:\/\/finestres.es\/\",\"name\":\"Finestres\",\"description\":\"\",\"potentialAction\":[{\"@type\":\"SearchAction\",\"target\":{\"@type\":\"EntryPoint\",\"urlTemplate\":\"https:\/\/finestres.es\/?s={search_term_string}\"},\"query-input\":{\"@type\":\"PropertyValueSpecification\",\"valueRequired\":true,\"valueName\":\"search_term_string\"}}],\"inLanguage\":\"es\"}]}<\/script>\n<!-- \/ Yoast SEO plugin. -->","yoast_head_json":{"title":"Finestres balconeres alumini - Finestres","description":"Fabricaci\u00f3n y venta de ventanas correderas PremiLine. solicita presupuesto por la fabricaci\u00f3n de las ventanas a medida.","robots":{"index":"index","follow":"follow","max-snippet":"max-snippet:-1","max-image-preview":"max-image-preview:large","max-video-preview":"max-video-preview:-1"},"canonical":"https:\/\/finestres.es\/es\/ventanas-de-pvc\/ventanas-correderas-pvc\/premiline\/","og_locale":"es_ES","og_type":"article","og_title":"Finestres balconeres alumini - Finestres","og_description":"Fabricaci\u00f3n y venta de ventanas correderas PremiLine. solicita presupuesto por la fabricaci\u00f3n de las ventanas a medida.","og_url":"https:\/\/finestres.es\/es\/ventanas-de-pvc\/ventanas-correderas-pvc\/premiline\/","og_site_name":"Finestres","article_modified_time":"2023-03-28T13:58:38+00:00","twitter_card":"summary_large_image","twitter_misc":{"Tiempo de lectura":"2 minutos"},"schema":{"@context":"https:\/\/schema.org","@graph":[{"@type":"WebPage","@id":"https:\/\/finestres.es\/es\/ventanas-de-pvc\/ventanas-correderas-pvc\/premiline\/","url":"https:\/\/finestres.es\/es\/ventanas-de-pvc\/ventanas-correderas-pvc\/premiline\/","name":"Finestres balconeres alumini - Finestres","isPartOf":{"@id":"https:\/\/finestres.es\/#website"},"datePublished":"2023-03-09T10:26:06+00:00","dateModified":"2023-03-28T13:58:38+00:00","description":"Fabricaci\u00f3n y venta de ventanas correderas PremiLine. solicita presupuesto por la fabricaci\u00f3n de las ventanas a medida.","breadcrumb":{"@id":"https:\/\/finestres.es\/es\/ventanas-de-pvc\/ventanas-correderas-pvc\/premiline\/#breadcrumb"},"inLanguage":"es","potentialAction":[{"@type":"ReadAction","target":["https:\/\/finestres.es\/es\/ventanas-de-pvc\/ventanas-correderas-pvc\/premiline\/"]}]},{"@type":"BreadcrumbList","@id":"https:\/\/finestres.es\/es\/ventanas-de-pvc\/ventanas-correderas-pvc\/premiline\/#breadcrumb","itemListElement":[{"@type":"ListItem","position":1,"name":"Portada","item":"https:\/\/finestres.es\/es\/"},{"@type":"ListItem","position":2,"name":"VENTANAS DE PVC","item":"https:\/\/finestres.es\/es\/ventanas-de-pvc\/"},{"@type":"ListItem","position":3,"name":"VENTANAS CORREDERAS PVC","item":"https:\/\/finestres.es\/es\/ventanas-de-pvc\/ventanas-correderas-pvc\/"},{"@type":"ListItem","position":4,"name":"PremiLine"}]},{"@type":"WebSite","@id":"https:\/\/finestres.es\/#website","url":"https:\/\/finestres.es\/","name":"Finestres","description":"","potentialAction":[{"@type":"SearchAction","target":{"@type":"EntryPoint","urlTemplate":"https:\/\/finestres.es\/?s={search_term_string}"},"query-input":{"@type":"PropertyValueSpecification","valueRequired":true,"valueName":"search_term_string"}}],"inLanguage":"es"}]}},"_links":{"self":[{"href":"https:\/\/finestres.es\/es\/wp-json\/wp\/v2\/pages\/608","targetHints":{"allow":["GET"]}}],"collection":[{"href":"https:\/\/finestres.es\/es\/wp-json\/wp\/v2\/pages"}],"about":[{"href":"https:\/\/finestres.es\/es\/wp-json\/wp\/v2\/types\/page"}],"author":[{"embeddable":true,"href":"https:\/\/finestres.es\/es\/wp-json\/wp\/v2\/users\/1"}],"replies":[{"embeddable":true,"href":"https:\/\/finestres.es\/es\/wp-json\/wp\/v2\/comments?post=608"}],"version-history":[{"count":3,"href":"https:\/\/finestres.es\/es\/wp-json\/wp\/v2\/pages\/608\/revisions"}],"predecessor-version":[{"id":805,"href":"https:\/\/finestres.es\/es\/wp-json\/wp\/v2\/pages\/608\/revisions\/805"}],"up":[{"embeddable":true,"href":"https:\/\/finestres.es\/es\/wp-json\/wp\/v2\/pages\/480"}],"wp:attachment":[{"href":"https:\/\/finestres.es\/es\/wp-json\/wp\/v2\/media?parent=608"}],"curies":[{"name":"wp","href":"https:\/\/api.w.org\/{rel}","templated":true}]}}